{"id":109,"date":"2020-01-03T19:40:47","date_gmt":"2020-01-03T18:40:47","guid":{"rendered":"http:\/\/liceum.dukla.pl\/?page_id=109"},"modified":"2020-01-03T21:00:12","modified_gmt":"2020-01-03T20:00:12","slug":"dbamy-o-twoje-dane-osobowe","status":"publish","type":"page","link":"https:\/\/liceum.dukla.pl\/index.php\/dbamy-o-twoje-dane-osobowe\/","title":{"rendered":"Dbamy o Twoje dane osobowe"},"content":{"rendered":"\n<p style=\"text-align: justify;\">Zgodnie z art. 13 Rozporz\u0105dzenia Parlamentu Europejskiego i Rady (UE) 2016\/679 z dnia 27 kwietnia 2016 r. w sprawie ochrony os\u00f3b fizycznych w zwi\u0105zku z przetwarzaniem danych osobowych i w sprawie swobodnego przep\u0142ywu takich danych oraz uchylenia dyrektywy 95\/46\/WE (4.5.2016 L 119\/38 Dziennik Urz\u0119dowy Unii Europejskiej PL) informuj\u0119, \u017ce:<\/p>\n<ol>\n<li style=\"text-align: justify;\">Administratorem danych osobowych uczni\u00f3w oraz ich rodzic\u00f3w\/opiekun\u00f3w prawnych jest Liceum Og\u00f3lnokszta\u0142c\u0105ce w Dukli, ul. Armii Krajowej 1, tel: 13 4330008, mail: liceum@dukla.pl;<\/li>\n<li style=\"text-align: justify;\">Kontakt z Inspektorem Ochrony Danych w szkole mo\u017cliwy jest pod numerem tel. nr. 134330008 lub adresem email (adres email): iod@zs2.dukla.pl;<\/li>\n<li style=\"text-align: justify;\">Dane osobowe ucznia i rodzic\u00f3w\/ opiekun\u00f3w prawnych b\u0119d\u0105 przetwarzane w celu:<\/li>\n<\/ol>\n<ul style=\"text-align: justify;\">\n<li>realizacji zada\u0144 ustawowych, okre\u015blonych w Ustawie \u2013 Prawo o\u015bwiatowe z dn. 14\u00a0grudnia 2016 r. (Dz. U. z 2017 r., poz. 59 oraz Ustawy o systemie o\u015bwiaty z dnia 7\u00a0wrze\u015bnia 1991 r. (Dz. U. z 2017 r., poz. 2198), a tak\u017ce obowi\u0105zuj\u0105cych przepisach szczeg\u00f3\u0142owych i w celu realizacji statutowych zada\u0144 dydaktycznych, opieku\u0144czych i\u00a0wychowawczych w plac\u00f3wce (podstawa prawna: art. 6 ust. 1 lit.,c og\u00f3lnego rozporz\u0105dzenia RODO)<\/li>\n<li>wewn\u0119trznych cel\u00f3w administracyjnych w\/w szko\u0142y, w tym statystyki i raportowania wewn\u0119trznego szko\u0142y (podstawa prawna: art. 6 ust. 1 lit. b og\u00f3lnego rozporz\u0105dzenia RODO)<\/li>\n<li>marketingu i promocji w\/w szko\u0142y, w tym prowadzenia konkurs\u00f3w, promocji osi\u0105gni\u0119\u0107 i\u00a0utrwalania pozytywnego wizerunku szko\u0142y (podstawa prawna: art. 6 ust. 1 lit. a og\u00f3lnego rozporz\u0105dzenia RODO)<\/li>\n<\/ul>\n<ol style=\"text-align: justify;\" start=\"4\">\n<li>Dane osobowe ucznia i rodzic\u00f3w\/opiekun\u00f3w prawnych przechowywane b\u0119d\u0105 przez okres niezb\u0119dny do realizacji wskazanych w pkt 3 cel\u00f3w przetwarzania, tj:<\/li>\n<\/ol>\n<ul style=\"text-align: justify;\">\n<li>w zakresie wype\u0142niania obowi\u0105zk\u00f3w prawnych ci\u0105\u017c\u0105cych na szkole &#8211; przez okres do czasu ich wype\u0142nienia;<\/li>\n<li>w zakresie wewn\u0119trznych cel\u00f3w administracyjnych szko\u0142y \u2013 przez okres do czasu wype\u0142nienia prawnie uzasadnionych interes\u00f3w szko\u0142y stanowi\u0105cych podstaw\u0119 tego przetwarzania lub do czasu wniesienia przez Pani\u0105\/Pana sprzeciwu wobec takiego przetwarzania<\/li>\n<li>w zakresie marketingu i promocji szko\u0142y \u2013 przez okres do czasu wycofania przez Pani\u0105\/Pana zgody na takie przetwarzanie.<\/li>\n<\/ul>\n<ol start=\"5\">\n<li style=\"text-align: justify;\">Posiada Pan\/i prawo do: \u017c\u0105dania od administratora dost\u0119pu do danych osobowych, prawo do ich sprostowania, usuni\u0119cia lub ograniczenia przetwarzania.<\/li>\n<li style=\"text-align: justify;\">Rodzicom\/ uczniom przys\u0142uguje prawo wniesienia skargi do organu nadzorczego.<\/li>\n<li style=\"text-align: justify;\">Podanie danych osobowych jest wymogiem ustawowym i jest obowi\u0105zkowe ze wzgl\u0119du na przepisy prawa o\u015bwiatowego j\/w.<\/li>\n<\/ol>\n","protected":false},"excerpt":{"rendered":"<p>Zgodnie z art. 13 Rozporz\u0105dzenia Parlamentu Europejskiego i Rady (UE) 2016\/679 z dnia 27 kwietnia 2016 r. w sprawie ochrony<\/p>\n","protected":false},"author":1,"featured_media":0,"parent":0,"menu_order":0,"comment_status":"closed","ping_status":"closed","template":"","meta":{"footnotes":""},"class_list":["post-109","page","type-page","status-publish","hentry"],"_links":{"self":[{"href":"https:\/\/liceum.dukla.pl\/index.php\/wp-json\/wp\/v2\/pages\/109","targetHints":{"allow":["GET"]}}],"collection":[{"href":"https:\/\/liceum.dukla.pl\/index.php\/wp-json\/wp\/v2\/pages"}],"about":[{"href":"https:\/\/liceum.dukla.pl\/index.php\/wp-json\/wp\/v2\/types\/page"}],"author":[{"embeddable":true,"href":"https:\/\/liceum.dukla.pl\/index.php\/wp-json\/wp\/v2\/users\/1"}],"replies":[{"embeddable":true,"href":"https:\/\/liceum.dukla.pl\/index.php\/wp-json\/wp\/v2\/comments?post=109"}],"version-history":[{"count":2,"href":"https:\/\/liceum.dukla.pl\/index.php\/wp-json\/wp\/v2\/pages\/109\/revisions"}],"predecessor-version":[{"id":133,"href":"https:\/\/liceum.dukla.pl\/index.php\/wp-json\/wp\/v2\/pages\/109\/revisions\/133"}],"wp:attachment":[{"href":"https:\/\/liceum.dukla.pl\/index.php\/wp-json\/wp\/v2\/media?parent=109"}],"curies":[{"name":"wp","href":"https:\/\/api.w.org\/{rel}","templated":true}]}}